{"version":"1.0","provider_name":"Kinga","provider_url":"https:\/\/kinga.cafeblog.hu","author_name":"Kinga Mih\u00f3k","author_url":"https:\/\/kinga.cafeblog.hu\/author\/kinga_24citromail-hu\/","title":"Az \u00e9let igazs\u00e1gtalan","html":"<p>Tegnap este megint megzuhantam,de nagyon. Olyan dolog miatt,ami mostan\u00e1ban nem gyakran fordult meg a fejemben.\u00a0<\/p>\r\n<p>Igazs\u00e1gtalan az \u00e9let. Ezt tudtam eddig is,de most valahogy m\u00e1sk\u00e9pp \u00e9lem meg ezt. \u00c9n mi\u00e9rt csak v\u00e1gyom gyermekre,nekem mi\u00e9rt nem lehetett? Mi\u00e9rt lehet olyanoknak,akik nem t\u00f6r\u0151dnek magukkal,esetleg doh\u00e1nyoznak,neadj'isten isznak a v\u00e1rand\u00f3ss\u00e1g alatt,magasr\u00f3l tesznek arra,hogy ezzel \u00e1rtanak a bab\u00e1nak? Nekem mi\u00e9rt kell ennyire megk\u00fczdenem \u00e9rte? Tudom,hogy oka volt annak,ami velem t\u00f6rt\u00e9nt. Tudom,hogy nem okolhatok senkit a t\u00f6rt\u00e9ntek\u00e9rt,de f\u00e1j. Nem szabadna hagynom,hogy eluralkodjon felettem az \u00e9rz\u00e9s,de nagyon r\u00e9g \u00e9reztem magam \u00edgy,nagyon r\u00e9gen f\u00e1jt ennyire,hogy nekem m\u00e9g nincs. Hogy anya vagyok gyermek n\u00e9lk\u00fcl. :( \u00c9s szeretn\u00e9m. Szeretn\u00e9k gyermeke(ke)t. Szeretn\u00e9m \u00fajra \u00e1t\u00e9lni a v\u00e1rand\u00f3ss\u00e1g minden perc\u00e9t,hiszen nincs csod\u00e1latosabb \u00e9rz\u00e9s a vil\u00e1gon.\u00a0<\/p>\r\n<p>Tudom,hogy most j\u00e1rnom kell az utamat,mert m\u00e9g nem j\u00f6tt el az \u00e9n id\u0151m,de b\u00edzom abban,hogy hamarosan minden \u00f6ssze\u00e1ll \u00e9s teljes\u00fclhet ez a v\u00e1gyam is.\u00a0<\/p>\r\n<p>Addig pedig megpr\u00f3b\u00e1lok t\u00fcrelmesen hozz\u00e1\u00e1llni a dolgokhoz. :)<\/p>","type":"rich"}